{"id":3057,"date":"2024-06-16T18:58:07","date_gmt":"2024-06-16T18:58:07","guid":{"rendered":"https:\/\/tiles4you.pt\/?post_type=product&#038;p=3057"},"modified":"2026-08-26T11:00:54","modified_gmt":"2026-08-26T11:00:54","slug":"pa-928-terrace-of-a-cafe-at-night-place-du-forum-de-vincent-van-gogh","status":"publish","type":"product","link":"https:\/\/tiles4you.pt\/index.php\/produto\/pa-928-terrace-of-a-cafe-at-night-place-du-forum-de-vincent-van-gogh\/","title":{"rendered":"PA-928 &#8220;Terrace of a caf\u00e9 at night (Place du Forum)&#8221; de Vincent van Gogh"},"content":{"rendered":"<div dir=\"auto\">\n<div dir=\"auto\">\n<div dir=\"auto\" data-sider-select-id=\"60ace061-a21b-407c-9e2b-69413e87a375\">\n<div dir=\"auto\" data-sider-select-id=\"f80b7a9d-b507-401c-bab3-61b69b97de36\">\n<div dir=\"auto\" data-sider-select-id=\"243dd934-f810-400b-8b51-0f873ef20a3f\">\n<div dir=\"auto\" data-sider-select-id=\"0cd3d77b-97c2-4ce5-8f4f-a72e94dc4b59\">\n<div dir=\"auto\" data-sider-select-id=\"bcdbfb3a-a368-4e8a-af5f-f22da158319b\">\n<div dir=\"auto\" data-sider-select-id=\"da7bf6b6-b3b2-452c-a4ea-09e8ab03cb5a\">\n<p>&#8220;Terrace of a caf\u00e9 at night (Place du Forum)&#8221;<\/p>\n<p>de Vincent van Gogh.<\/p>\n<p>Painel de 6 azulejos cer\u00e2micos.<\/p>\n<p>Dimens\u00f5es: 45,9X30,6cm<\/p>\n<\/div>\n<\/div>\n<\/div>\n<\/div>\n<\/div>\n<\/div>\n<\/div>\n<\/div>\n","protected":false},"excerpt":{"rendered":"<div id=\"collapse_description\" class=\"acordion-header\">\n<div dir=\"auto\">\n<div dir=\"auto\">\n<div dir=\"auto\">\n<div dir=\"auto\">\n<div dir=\"auto\">\n<div dir=\"auto\">\n<div dir=\"auto\">\n<div dir=\"auto\">\n<div dir=\"auto\">\n<div dir=\"auto\">\n<div dir=\"auto\">\n<div dir=\"auto\">\n<div dir=\"auto\">\n<div dir=\"auto\">\n<div dir=\"auto\">\n<div dir=\"auto\">\n<div dir=\"auto\">\n<div dir=\"auto\">\n<div dir=\"auto\">\n<div dir=\"auto\">\n<div dir=\"auto\">\n<div dir=\"auto\">\n<div dir=\"auto\">\n<div dir=\"auto\">\n<div dir=\"auto\">\n<div dir=\"auto\">\n<div dir=\"auto\">\n<div dir=\"auto\">\n<div dir=\"auto\">\n<div dir=\"auto\">\n<div dir=\"auto\">\n<div dir=\"auto\">\n<div dir=\"auto\">\n<div dir=\"auto\">\n<div dir=\"auto\">\n<div dir=\"auto\">\n<div dir=\"auto\">\n<div dir=\"auto\">\n<div dir=\"auto\">\n<div dir=\"auto\">\n<div dir=\"auto\" data-sider-select-id=\"60ace061-a21b-407c-9e2b-69413e87a375\">\n<div dir=\"auto\" data-sider-select-id=\"f80b7a9d-b507-401c-bab3-61b69b97de36\">\n<div dir=\"auto\" data-sider-select-id=\"243dd934-f810-400b-8b51-0f873ef20a3f\">\n<div dir=\"auto\" data-sider-select-id=\"0cd3d77b-97c2-4ce5-8f4f-a72e94dc4b59\">\n<div dir=\"auto\" data-sider-select-id=\"0cd3d77b-97c2-4ce5-8f4f-a72e94dc4b59\">\n<div dir=\"auto\" data-sider-select-id=\"0cd3d77b-97c2-4ce5-8f4f-a72e94dc4b59\">\n<div dir=\"auto\" data-sider-select-id=\"bcdbfb3a-a368-4e8a-af5f-f22da158319b\">\n<div dir=\"auto\" data-sider-select-id=\"bcdbfb3a-a368-4e8a-af5f-f22da158319b\">\n<div dir=\"auto\" data-sider-select-id=\"bcdbfb3a-a368-4e8a-af5f-f22da158319b\">\n<div dir=\"auto\" data-sider-select-id=\"bcdbfb3a-a368-4e8a-af5f-f22da158319b\">\n<div dir=\"auto\" data-sider-select-id=\"bcdbfb3a-a368-4e8a-af5f-f22da158319b\">\n<div dir=\"auto\" data-sider-select-id=\"da7bf6b6-b3b2-452c-a4ea-09e8ab03cb5a\">\n<div dir=\"auto\" data-sider-select-id=\"da7bf6b6-b3b2-452c-a4ea-09e8ab03cb5a\">\n<div dir=\"auto\" data-sider-select-id=\"da7bf6b6-b3b2-452c-a4ea-09e8ab03cb5a\">\n<div dir=\"auto\" data-sider-select-id=\"da7bf6b6-b3b2-452c-a4ea-09e8ab03cb5a\">\n<div dir=\"auto\" data-sider-select-id=\"da7bf6b6-b3b2-452c-a4ea-09e8ab03cb5a\">\n<div dir=\"auto\" data-sider-select-id=\"da7bf6b6-b3b2-452c-a4ea-09e8ab03cb5a\">\n<div dir=\"auto\" data-sider-select-id=\"da7bf6b6-b3b2-452c-a4ea-09e8ab03cb5a\">\n<div dir=\"auto\" data-sider-select-id=\"da7bf6b6-b3b2-452c-a4ea-09e8ab03cb5a\">\n<div dir=\"auto\" data-sider-select-id=\"da7bf6b6-b3b2-452c-a4ea-09e8ab03cb5a\">\n<p>&#8220;Terrace of a caf\u00e9 at night (Place du Forum)&#8221;<\/p>\n<p>de Vincent van Gogh.<\/p>\n<p>Painel de 6 azulejos cer\u00e2micos.<\/p>\n<p>Dimens\u00f5es: 45,9X30,6cm<\/p>\n<\/div>\n<\/div>\n<\/div>\n<\/div>\n<\/div>\n<\/div>\n<\/div>\n<\/div>\n<\/div>\n<\/div>\n<\/div>\n<\/div>\n<\/div>\n<\/div>\n<\/div>\n<\/div>\n<\/div>\n<\/div>\n<\/div>\n<\/div>\n<\/div>\n<\/div>\n<\/div>\n<\/div>\n<\/div>\n<\/div>\n<\/div>\n<\/div>\n<\/div>\n<\/div>\n<\/div>\n<\/div>\n<\/div>\n<\/div>\n<\/div>\n<\/div>\n<\/div>\n<\/div>\n<\/div>\n<\/div>\n<\/div>\n<\/div>\n<\/div>\n<\/div>\n<\/div>\n<\/div>\n<\/div>\n<\/div>\n<\/div>\n<\/div>\n<\/div>\n<\/div>\n<\/div>\n<\/div>\n<\/div>\n<\/div>\n<\/div>\n<\/div>\n<\/div>\n<\/div>\n<\/div>\n","protected":false},"featured_media":3058,"template":"","meta":{"om_disable_all_campaigns":false,"_exactmetrics_skip_tracking":false},"product_brand":[],"product_cat":[114],"product_tag":[],"class_list":["post-3057","product","type-product","status-publish","has-post-thumbnail","product_cat-vincent-van-gogh","first","instock","shipping-taxable","purchasable","product-type-simple"],"aioseo_notices":[],"aioseo_head":"\n\t\t<!-- All in One SEO 4.9.10 - aioseo.com -->\n\t<meta name=\"description\" content=\"&quot;Terrace of a caf\u00e9 at night (Place du Forum)&quot; de Vincent van Gogh. Painel de 6 azulejos cer\u00e2micos. Dimens\u00f5es: 45,9X30,6cm\" \/>\n\t<meta name=\"robots\" content=\"max-image-preview:large\" \/>\n\t<meta name=\"google-site-verification\" content=\"8gkvt6hBKfdSuyaSgHqRziSNojIjPKWq4Lm4iCM_nqY\" \/>\n\t<link rel=\"canonical\" href=\"https:\/\/tiles4you.pt\/index.php\/produto\/pa-928-terrace-of-a-cafe-at-night-place-du-forum-de-vincent-van-gogh\/\" \/>\n\t<meta name=\"generator\" content=\"All in One SEO (AIOSEO) 4.9.10\" \/>\n\t\t<meta property=\"og:locale\" content=\"pt_PT\" \/>\n\t\t<meta property=\"og:site_name\" content=\"Tiles4You - Azulejos decorativos\" \/>\n\t\t<meta property=\"og:type\" content=\"article\" \/>\n\t\t<meta property=\"og:title\" content=\"PA-928 \u201cTerrace of a caf\u00e9 at night (Place du Forum)\u201d de Vincent van Gogh 2024 #PA-928 \u201cTerrace of a caf\u00e9 at night (Place du Forum)\u201d de Vincent van Gogh PA-928 \u201cTerrace of a caf\u00e9 at night (Place du Forum)\u201d de Vincent van Gogh - Tiles4You\" \/>\n\t\t<meta property=\"og:description\" content=\"&quot;Terrace of a caf\u00e9 at night (Place du Forum)&quot; de Vincent van Gogh. Painel de 6 azulejos cer\u00e2micos. Dimens\u00f5es: 45,9X30,6cm\" \/>\n\t\t<meta property=\"og:url\" content=\"https:\/\/tiles4you.pt\/index.php\/produto\/pa-928-terrace-of-a-cafe-at-night-place-du-forum-de-vincent-van-gogh\/\" \/>\n\t\t<meta property=\"og:image\" content=\"https:\/\/tiles4you.pt\/wp-content\/uploads\/2023\/01\/cabecalho.jpg\" \/>\n\t\t<meta property=\"og:image:secure_url\" content=\"https:\/\/tiles4you.pt\/wp-content\/uploads\/2023\/01\/cabecalho.jpg\" \/>\n\t\t<meta property=\"og:image:width\" content=\"1500\" \/>\n\t\t<meta property=\"og:image:height\" content=\"500\" \/>\n\t\t<meta property=\"article:published_time\" content=\"2024-06-16T18:58:07+00:00\" \/>\n\t\t<meta property=\"article:modified_time\" content=\"2026-08-26T11:00:54+00:00\" \/>\n\t\t<meta name=\"twitter:card\" content=\"summary_large_image\" \/>\n\t\t<meta name=\"twitter:title\" content=\"PA-928 \u201cTerrace of a caf\u00e9 at night (Place du Forum)\u201d de Vincent van Gogh 2024 #PA-928 \u201cTerrace of a caf\u00e9 at night (Place du Forum)\u201d de Vincent van Gogh PA-928 \u201cTerrace of a caf\u00e9 at night (Place du Forum)\u201d de Vincent van Gogh - Tiles4You\" \/>\n\t\t<meta name=\"twitter:description\" content=\"&quot;Terrace of a caf\u00e9 at night (Place du Forum)&quot; de Vincent van Gogh. Painel de 6 azulejos cer\u00e2micos. Dimens\u00f5es: 45,9X30,6cm\" \/>\n\t\t<meta name=\"twitter:image\" content=\"https:\/\/tiles4you.pt\/wp-content\/uploads\/2023\/01\/cabecalho.jpg\" \/>\n\t\t<script type=\"application\/ld+json\" class=\"aioseo-schema\">\n\t\t\t{\"@context\":\"https:\\\/\\\/schema.org\",\"@graph\":[{\"@type\":\"BreadcrumbList\",\"@id\":\"https:\\\/\\\/tiles4you.pt\\\/index.php\\\/produto\\\/pa-928-terrace-of-a-cafe-at-night-place-du-forum-de-vincent-van-gogh\\\/#breadcrumblist\",\"itemListElement\":[{\"@type\":\"ListItem\",\"@id\":\"https:\\\/\\\/tiles4you.pt#listItem\",\"position\":1,\"name\":\"Home\",\"item\":\"https:\\\/\\\/tiles4you.pt\",\"nextItem\":{\"@type\":\"ListItem\",\"@id\":\"https:\\\/\\\/tiles4you.pt\\\/index.php\\\/categoria-produto\\\/artista\\\/#listItem\",\"name\":\"Artistas\"}},{\"@type\":\"ListItem\",\"@id\":\"https:\\\/\\\/tiles4you.pt\\\/index.php\\\/categoria-produto\\\/artista\\\/#listItem\",\"position\":2,\"name\":\"Artistas\",\"item\":\"https:\\\/\\\/tiles4you.pt\\\/index.php\\\/categoria-produto\\\/artista\\\/\",\"nextItem\":{\"@type\":\"ListItem\",\"@id\":\"https:\\\/\\\/tiles4you.pt\\\/index.php\\\/categoria-produto\\\/artista\\\/vincent-van-gogh\\\/#listItem\",\"name\":\"Vincent van Gogh\"},\"previousItem\":{\"@type\":\"ListItem\",\"@id\":\"https:\\\/\\\/tiles4you.pt#listItem\",\"name\":\"Home\"}},{\"@type\":\"ListItem\",\"@id\":\"https:\\\/\\\/tiles4you.pt\\\/index.php\\\/categoria-produto\\\/artista\\\/vincent-van-gogh\\\/#listItem\",\"position\":3,\"name\":\"Vincent van Gogh\",\"item\":\"https:\\\/\\\/tiles4you.pt\\\/index.php\\\/categoria-produto\\\/artista\\\/vincent-van-gogh\\\/\",\"nextItem\":{\"@type\":\"ListItem\",\"@id\":\"https:\\\/\\\/tiles4you.pt\\\/index.php\\\/produto\\\/pa-928-terrace-of-a-cafe-at-night-place-du-forum-de-vincent-van-gogh\\\/#listItem\",\"name\":\"PA-928 &#8220;Terrace of a caf\\u00e9 at night (Place du Forum)&#8221; de Vincent van Gogh\"},\"previousItem\":{\"@type\":\"ListItem\",\"@id\":\"https:\\\/\\\/tiles4you.pt\\\/index.php\\\/categoria-produto\\\/artista\\\/#listItem\",\"name\":\"Artistas\"}},{\"@type\":\"ListItem\",\"@id\":\"https:\\\/\\\/tiles4you.pt\\\/index.php\\\/produto\\\/pa-928-terrace-of-a-cafe-at-night-place-du-forum-de-vincent-van-gogh\\\/#listItem\",\"position\":4,\"name\":\"PA-928 &#8220;Terrace of a caf\\u00e9 at night (Place du Forum)&#8221; de Vincent van Gogh\",\"previousItem\":{\"@type\":\"ListItem\",\"@id\":\"https:\\\/\\\/tiles4you.pt\\\/index.php\\\/categoria-produto\\\/artista\\\/vincent-van-gogh\\\/#listItem\",\"name\":\"Vincent van Gogh\"}}]},{\"@type\":\"ItemPage\",\"@id\":\"https:\\\/\\\/tiles4you.pt\\\/index.php\\\/produto\\\/pa-928-terrace-of-a-cafe-at-night-place-du-forum-de-vincent-van-gogh\\\/#itempage\",\"url\":\"https:\\\/\\\/tiles4you.pt\\\/index.php\\\/produto\\\/pa-928-terrace-of-a-cafe-at-night-place-du-forum-de-vincent-van-gogh\\\/\",\"name\":\"PA-928 \\u201cTerrace of a caf\\u00e9 at night (Place du Forum)\\u201d de Vincent van Gogh 2024 #PA-928 \\u201cTerrace of a caf\\u00e9 at night (Place du Forum)\\u201d de Vincent van Gogh PA-928 \\u201cTerrace of a caf\\u00e9 at night (Place du Forum)\\u201d de Vincent van Gogh - Tiles4You\",\"description\":\"\\\"Terrace of a caf\\u00e9 at night (Place du Forum)\\\" de Vincent van Gogh. Painel de 6 azulejos cer\\u00e2micos. Dimens\\u00f5es: 45,9X30,6cm\",\"inLanguage\":\"pt-PT\",\"isPartOf\":{\"@id\":\"https:\\\/\\\/tiles4you.pt\\\/#website\"},\"breadcrumb\":{\"@id\":\"https:\\\/\\\/tiles4you.pt\\\/index.php\\\/produto\\\/pa-928-terrace-of-a-cafe-at-night-place-du-forum-de-vincent-van-gogh\\\/#breadcrumblist\"},\"image\":{\"@type\":\"ImageObject\",\"url\":\"https:\\\/\\\/tiles4you.pt\\\/wp-content\\\/uploads\\\/2024\\\/06\\\/PA-274-Vincent_Willem_van_Gogh_-_Cafe_Terrace_at_Night_Yorck-6-azulejos-WP.jpg\",\"@id\":\"https:\\\/\\\/tiles4you.pt\\\/index.php\\\/produto\\\/pa-928-terrace-of-a-cafe-at-night-place-du-forum-de-vincent-van-gogh\\\/#mainImage\",\"width\":1229,\"height\":1843},\"primaryImageOfPage\":{\"@id\":\"https:\\\/\\\/tiles4you.pt\\\/index.php\\\/produto\\\/pa-928-terrace-of-a-cafe-at-night-place-du-forum-de-vincent-van-gogh\\\/#mainImage\"},\"datePublished\":\"2024-06-16T18:58:07+00:00\",\"dateModified\":\"2026-08-26T11:00:54+00:00\"},{\"@type\":\"Organization\",\"@id\":\"https:\\\/\\\/tiles4you.pt\\\/#organization\",\"name\":\"Tiles4You\",\"description\":\"Azulejos decorativos\",\"url\":\"https:\\\/\\\/tiles4you.pt\\\/\",\"telephone\":\"+351915454506\",\"logo\":{\"@type\":\"ImageObject\",\"url\":\"https:\\\/\\\/tiles4you.pt\\\/wp-content\\\/uploads\\\/2023\\\/02\\\/logo-tiles4you.jpg\",\"@id\":\"https:\\\/\\\/tiles4you.pt\\\/index.php\\\/produto\\\/pa-928-terrace-of-a-cafe-at-night-place-du-forum-de-vincent-van-gogh\\\/#organizationLogo\",\"width\":180,\"height\":164},\"image\":{\"@id\":\"https:\\\/\\\/tiles4you.pt\\\/index.php\\\/produto\\\/pa-928-terrace-of-a-cafe-at-night-place-du-forum-de-vincent-van-gogh\\\/#organizationLogo\"},\"sameAs\":[\"https:\\\/\\\/facebook.com\\\/\",\"https:\\\/\\\/x.com\\\/\",\"https:\\\/\\\/instagram.com\\\/\",\"https:\\\/\\\/pinterest.com\\\/\",\"https:\\\/\\\/youtube.com\\\/\",\"https:\\\/\\\/linkedin.com\\\/in\\\/\"]},{\"@type\":\"WebSite\",\"@id\":\"https:\\\/\\\/tiles4you.pt\\\/#website\",\"url\":\"https:\\\/\\\/tiles4you.pt\\\/\",\"name\":\"Tiles4You\",\"alternateName\":\"www.tiles4you.pt\",\"description\":\"Azulejos decorativos\",\"inLanguage\":\"pt-PT\",\"publisher\":{\"@id\":\"https:\\\/\\\/tiles4you.pt\\\/#organization\"}}]}\n\t\t<\/script>\n\t\t<!-- All in One SEO -->\n\n","aioseo_head_json":{"title":"PA-928 \u201cTerrace of a caf\u00e9 at night (Place du Forum)\u201d de Vincent van Gogh 2024 #PA-928 \u201cTerrace of a caf\u00e9 at night (Place du Forum)\u201d de Vincent van Gogh PA-928 \u201cTerrace of a caf\u00e9 at night (Place du Forum)\u201d de Vincent van Gogh - Tiles4You","description":"\"Terrace of a caf\u00e9 at night (Place du Forum)\" de Vincent van Gogh. Painel de 6 azulejos cer\u00e2micos. Dimens\u00f5es: 45,9X30,6cm","canonical_url":"https:\/\/tiles4you.pt\/index.php\/produto\/pa-928-terrace-of-a-cafe-at-night-place-du-forum-de-vincent-van-gogh\/","robots":"max-image-preview:large","keywords":"","webmasterTools":{"google-site-verification":"8gkvt6hBKfdSuyaSgHqRziSNojIjPKWq4Lm4iCM_nqY","miscellaneous":""},"schema":{"@context":"https:\/\/schema.org","@graph":[{"@type":"BreadcrumbList","@id":"https:\/\/tiles4you.pt\/index.php\/produto\/pa-928-terrace-of-a-cafe-at-night-place-du-forum-de-vincent-van-gogh\/#breadcrumblist","itemListElement":[{"@type":"ListItem","@id":"https:\/\/tiles4you.pt#listItem","position":1,"name":"Home","item":"https:\/\/tiles4you.pt","nextItem":{"@type":"ListItem","@id":"https:\/\/tiles4you.pt\/index.php\/categoria-produto\/artista\/#listItem","name":"Artistas"}},{"@type":"ListItem","@id":"https:\/\/tiles4you.pt\/index.php\/categoria-produto\/artista\/#listItem","position":2,"name":"Artistas","item":"https:\/\/tiles4you.pt\/index.php\/categoria-produto\/artista\/","nextItem":{"@type":"ListItem","@id":"https:\/\/tiles4you.pt\/index.php\/categoria-produto\/artista\/vincent-van-gogh\/#listItem","name":"Vincent van Gogh"},"previousItem":{"@type":"ListItem","@id":"https:\/\/tiles4you.pt#listItem","name":"Home"}},{"@type":"ListItem","@id":"https:\/\/tiles4you.pt\/index.php\/categoria-produto\/artista\/vincent-van-gogh\/#listItem","position":3,"name":"Vincent van Gogh","item":"https:\/\/tiles4you.pt\/index.php\/categoria-produto\/artista\/vincent-van-gogh\/","nextItem":{"@type":"ListItem","@id":"https:\/\/tiles4you.pt\/index.php\/produto\/pa-928-terrace-of-a-cafe-at-night-place-du-forum-de-vincent-van-gogh\/#listItem","name":"PA-928 &#8220;Terrace of a caf\u00e9 at night (Place du Forum)&#8221; de Vincent van Gogh"},"previousItem":{"@type":"ListItem","@id":"https:\/\/tiles4you.pt\/index.php\/categoria-produto\/artista\/#listItem","name":"Artistas"}},{"@type":"ListItem","@id":"https:\/\/tiles4you.pt\/index.php\/produto\/pa-928-terrace-of-a-cafe-at-night-place-du-forum-de-vincent-van-gogh\/#listItem","position":4,"name":"PA-928 &#8220;Terrace of a caf\u00e9 at night (Place du Forum)&#8221; de Vincent van Gogh","previousItem":{"@type":"ListItem","@id":"https:\/\/tiles4you.pt\/index.php\/categoria-produto\/artista\/vincent-van-gogh\/#listItem","name":"Vincent van Gogh"}}]},{"@type":"ItemPage","@id":"https:\/\/tiles4you.pt\/index.php\/produto\/pa-928-terrace-of-a-cafe-at-night-place-du-forum-de-vincent-van-gogh\/#itempage","url":"https:\/\/tiles4you.pt\/index.php\/produto\/pa-928-terrace-of-a-cafe-at-night-place-du-forum-de-vincent-van-gogh\/","name":"PA-928 \u201cTerrace of a caf\u00e9 at night (Place du Forum)\u201d de Vincent van Gogh 2024 #PA-928 \u201cTerrace of a caf\u00e9 at night (Place du Forum)\u201d de Vincent van Gogh PA-928 \u201cTerrace of a caf\u00e9 at night (Place du Forum)\u201d de Vincent van Gogh - Tiles4You","description":"\"Terrace of a caf\u00e9 at night (Place du Forum)\" de Vincent van Gogh. Painel de 6 azulejos cer\u00e2micos. Dimens\u00f5es: 45,9X30,6cm","inLanguage":"pt-PT","isPartOf":{"@id":"https:\/\/tiles4you.pt\/#website"},"breadcrumb":{"@id":"https:\/\/tiles4you.pt\/index.php\/produto\/pa-928-terrace-of-a-cafe-at-night-place-du-forum-de-vincent-van-gogh\/#breadcrumblist"},"image":{"@type":"ImageObject","url":"https:\/\/tiles4you.pt\/wp-content\/uploads\/2024\/06\/PA-274-Vincent_Willem_van_Gogh_-_Cafe_Terrace_at_Night_Yorck-6-azulejos-WP.jpg","@id":"https:\/\/tiles4you.pt\/index.php\/produto\/pa-928-terrace-of-a-cafe-at-night-place-du-forum-de-vincent-van-gogh\/#mainImage","width":1229,"height":1843},"primaryImageOfPage":{"@id":"https:\/\/tiles4you.pt\/index.php\/produto\/pa-928-terrace-of-a-cafe-at-night-place-du-forum-de-vincent-van-gogh\/#mainImage"},"datePublished":"2024-06-16T18:58:07+00:00","dateModified":"2026-08-26T11:00:54+00:00"},{"@type":"Organization","@id":"https:\/\/tiles4you.pt\/#organization","name":"Tiles4You","description":"Azulejos decorativos","url":"https:\/\/tiles4you.pt\/","telephone":"+351915454506","logo":{"@type":"ImageObject","url":"https:\/\/tiles4you.pt\/wp-content\/uploads\/2023\/02\/logo-tiles4you.jpg","@id":"https:\/\/tiles4you.pt\/index.php\/produto\/pa-928-terrace-of-a-cafe-at-night-place-du-forum-de-vincent-van-gogh\/#organizationLogo","width":180,"height":164},"image":{"@id":"https:\/\/tiles4you.pt\/index.php\/produto\/pa-928-terrace-of-a-cafe-at-night-place-du-forum-de-vincent-van-gogh\/#organizationLogo"},"sameAs":["https:\/\/facebook.com\/","https:\/\/x.com\/","https:\/\/instagram.com\/","https:\/\/pinterest.com\/","https:\/\/youtube.com\/","https:\/\/linkedin.com\/in\/"]},{"@type":"WebSite","@id":"https:\/\/tiles4you.pt\/#website","url":"https:\/\/tiles4you.pt\/","name":"Tiles4You","alternateName":"www.tiles4you.pt","description":"Azulejos decorativos","inLanguage":"pt-PT","publisher":{"@id":"https:\/\/tiles4you.pt\/#organization"}}]},"og:locale":"pt_PT","og:site_name":"Tiles4You - Azulejos decorativos","og:type":"article","og:title":"PA-928 \u201cTerrace of a caf\u00e9 at night (Place du Forum)\u201d de Vincent van Gogh 2024 #PA-928 \u201cTerrace of a caf\u00e9 at night (Place du Forum)\u201d de Vincent van Gogh PA-928 \u201cTerrace of a caf\u00e9 at night (Place du Forum)\u201d de Vincent van Gogh - Tiles4You","og:description":"&quot;Terrace of a caf\u00e9 at night (Place du Forum)&quot; de Vincent van Gogh. Painel de 6 azulejos cer\u00e2micos. Dimens\u00f5es: 45,9X30,6cm","og:url":"https:\/\/tiles4you.pt\/index.php\/produto\/pa-928-terrace-of-a-cafe-at-night-place-du-forum-de-vincent-van-gogh\/","og:image":"https:\/\/tiles4you.pt\/wp-content\/uploads\/2023\/01\/cabecalho.jpg","og:image:secure_url":"https:\/\/tiles4you.pt\/wp-content\/uploads\/2023\/01\/cabecalho.jpg","og:image:width":1500,"og:image:height":500,"article:published_time":"2024-06-16T18:58:07+00:00","article:modified_time":"2026-08-26T11:00:54+00:00","twitter:card":"summary_large_image","twitter:title":"PA-928 \u201cTerrace of a caf\u00e9 at night (Place du Forum)\u201d de Vincent van Gogh 2024 #PA-928 \u201cTerrace of a caf\u00e9 at night (Place du Forum)\u201d de Vincent van Gogh PA-928 \u201cTerrace of a caf\u00e9 at night (Place du Forum)\u201d de Vincent van Gogh - Tiles4You","twitter:description":"&quot;Terrace of a caf\u00e9 at night (Place du Forum)&quot; de Vincent van Gogh. Painel de 6 azulejos cer\u00e2micos. Dimens\u00f5es: 45,9X30,6cm","twitter:image":"https:\/\/tiles4you.pt\/wp-content\/uploads\/2023\/01\/cabecalho.jpg"},"aioseo_meta_data":{"post_id":"3057","title":"#post_title #post_year ##post_title #post_title #separator_sa #site_title","description":"\"Terrace of a caf\u00e9 at night (Place du Forum)\" de Vincent van Gogh. Painel de 6 azulejos cer\u00e2micos. Dimens\u00f5es: 45,9X30,6cm","keywords":null,"keyphrases":{"focus":{"keyphrase":false,"score":38,"analysis":{"keyphraseInTitle":{"score":3,"maxScore":9,"error":1},"keyphraseInDescription":{"score":3,"maxScore":9,"error":1},"keyphraseLength":{"score":9,"maxScore":9,"error":0,"length":3},"keyphraseInURL":{"score":1,"maxScore":5,"error":1},"keyphraseInIntroduction":{"score":3,"maxScore":9,"error":1},"keyphraseInSubHeadings":[],"keyphraseInImageAlt":[],"keywordDensity":{"score":0,"type":"low","maxScore":9,"error":1}}},"additional":[]},"primary_term":null,"canonical_url":null,"og_title":null,"og_description":null,"og_object_type":"default","og_image_type":"default","og_image_url":null,"og_image_width":null,"og_image_height":null,"og_image_custom_url":null,"og_image_custom_fields":null,"og_video":"","og_custom_url":null,"og_article_section":null,"og_article_tags":null,"twitter_use_og":false,"twitter_card":"default","twitter_image_type":"default","twitter_image_url":null,"twitter_image_custom_url":null,"twitter_image_custom_fields":null,"twitter_title":null,"twitter_description":null,"schema":{"blockGraphs":[],"customGraphs":[],"default":{"data":{"Article":[],"Course":[],"Dataset":[],"FAQPage":[],"Movie":[],"Person":[],"Product":[],"ProductReview":[],"Car":[],"Recipe":[],"Service":[],"SoftwareApplication":[],"WebPage":[]},"graphName":"ItemPage","isEnabled":true},"graphs":[]},"schema_type":"default","schema_type_options":null,"pillar_content":false,"robots_default":true,"robots_noindex":false,"robots_noarchive":false,"robots_nosnippet":false,"robots_nofollow":false,"robots_noimageindex":false,"robots_noodp":false,"robots_notranslate":false,"robots_max_snippet":"-1","robots_max_videopreview":"-1","robots_max_imagepreview":"large","priority":null,"frequency":"default","local_seo":null,"breadcrumb_settings":null,"limit_modified_date":false,"ai":{"faqs":[],"keyPoints":[],"schemas":[],"titles":[],"descriptions":[],"socialPosts":{"email":{"subject":"","preview":"","content":""},"linkedin":[],"twitter":[],"facebook":[],"instagram":[]}},"created":"2024-06-16 18:58:07","updated":"2026-08-26 11:03:45","seo_analyzer_scan_date":null},"aioseo_breadcrumb":"<div class=\"aioseo-breadcrumbs\"><span class=\"aioseo-breadcrumb\">\n\t\t\t<a href=\"https:\/\/tiles4you.pt\" title=\"Home\">Home<\/a>\n\t\t<\/span><span class=\"aioseo-breadcrumb-separator\">&raquo;<\/span><span class=\"aioseo-breadcrumb\">\n\t\t\t<a href=\"https:\/\/tiles4you.pt\/index.php\/categoria-produto\/artista\/\" title=\"Artistas\">Artistas<\/a>\n\t\t<\/span><span class=\"aioseo-breadcrumb-separator\">&raquo;<\/span><span class=\"aioseo-breadcrumb\">\n\t\t\t<a href=\"https:\/\/tiles4you.pt\/index.php\/categoria-produto\/artista\/vincent-van-gogh\/\" title=\"Vincent van Gogh\">Vincent van Gogh<\/a>\n\t\t<\/span><span class=\"aioseo-breadcrumb-separator\">&raquo;<\/span><span class=\"aioseo-breadcrumb\">\n\t\t\tPA-928 \u201cTerrace of a caf\u00e9 at night (Place du Forum)\u201d de Vincent van Gogh\n\t\t<\/span><\/div>","aioseo_breadcrumb_json":[{"label":"Home","link":"https:\/\/tiles4you.pt"},{"label":"Artistas","link":"https:\/\/tiles4you.pt\/index.php\/categoria-produto\/artista\/"},{"label":"Vincent van Gogh","link":"https:\/\/tiles4you.pt\/index.php\/categoria-produto\/artista\/vincent-van-gogh\/"},{"label":"PA-928 &#8220;Terrace of a caf\u00e9 at night (Place du Forum)&#8221; de Vincent van Gogh","link":"https:\/\/tiles4you.pt\/index.php\/produto\/pa-928-terrace-of-a-cafe-at-night-place-du-forum-de-vincent-van-gogh\/"}],"jetpack_sharing_enabled":true,"_links":{"self":[{"href":"https:\/\/tiles4you.pt\/index.php\/wp-json\/wp\/v2\/product\/3057","targetHints":{"allow":["GET"]}}],"collection":[{"href":"https:\/\/tiles4you.pt\/index.php\/wp-json\/wp\/v2\/product"}],"about":[{"href":"https:\/\/tiles4you.pt\/index.php\/wp-json\/wp\/v2\/types\/product"}],"wp:featuredmedia":[{"embeddable":true,"href":"https:\/\/tiles4you.pt\/index.php\/wp-json\/wp\/v2\/media\/3058"}],"wp:attachment":[{"href":"https:\/\/tiles4you.pt\/index.php\/wp-json\/wp\/v2\/media?parent=3057"}],"wp:term":[{"taxonomy":"product_brand","embeddable":true,"href":"https:\/\/tiles4you.pt\/index.php\/wp-json\/wp\/v2\/product_brand?post=3057"},{"taxonomy":"product_cat","embeddable":true,"href":"https:\/\/tiles4you.pt\/index.php\/wp-json\/wp\/v2\/product_cat?post=3057"},{"taxonomy":"product_tag","embeddable":true,"href":"https:\/\/tiles4you.pt\/index.php\/wp-json\/wp\/v2\/product_tag?post=3057"}],"curies":[{"name":"wp","href":"https:\/\/api.w.org\/{rel}","templated":true}]}}